{"id":43,"date":"2022-11-15T15:07:11","date_gmt":"2022-11-15T14:07:11","guid":{"rendered":"http:\/\/www.teatromarenco.it\/?page_id=43"},"modified":"2026-02-01T21:14:46","modified_gmt":"2026-02-01T20:14:46","slug":"programma","status":"publish","type":"page","link":"http:\/\/www.teatromarenco.it\/en\/programma\/","title":{"rendered":"Programme"},"content":{"rendered":"<div data-elementor-type=\"wp-page\" data-elementor-id=\"43\" class=\"elementor elementor-43\" data-elementor-post-type=\"page\">\n\t\t\t\t\t\t<section class=\"elementor-section elementor-top-section elementor-element elementor-element-f01cdb9 elementor-section-boxed elementor-section-height-default elementor-section-height-default\" data-id=\"f01cdb9\" data-element_type=\"section\">\n\t\t\t\t\t\t<div class=\"elementor-container elementor-column-gap-default\">\n\t\t\t\t\t<div class=\"elementor-column elementor-col-100 elementor-top-column elementor-element elementor-element-bf36373\" data-id=\"bf36373\" data-element_type=\"column\">\n\t\t\t<div class=\"elementor-widget-wrap elementor-element-populated\">\n\t\t\t\t\t\t<div class=\"elementor-element elementor-element-bfd78b0 elementor-widget elementor-widget-html\" data-id=\"bfd78b0\" data-element_type=\"widget\" data-widget_type=\"html.default\">\n\t\t\t\t<div class=\"elementor-widget-container\">\n\t\t\t\t\t<style>\n  .tm-progpage{ background:#ffffff; padding:96px 18px 80px; }\n  .tm-progpage__wrap{ max-width:1180px; margin:0 auto; }\n\n  .tm-kicker{\n    display:inline-flex; align-items:center; gap:10px;\n    font-size:13px; letter-spacing:.18em; text-transform:uppercase;\n    color:#6A1611; margin-bottom:14px;\n  }\n  .tm-dot{ width:10px; height:10px; border-radius:999px; background:#6A1611; display:inline-block; }\n\n  .tm-title{\n    margin:0 0 14px;\n    font-size:46px; line-height:1.05;\n    font-weight:820; letter-spacing:-.03em;\n    color:#111;\n  }\n  .tm-lead{\n    margin:0;\n    font-size:17.5px; line-height:1.75;\n    color:#333; max-width:880px;\n  }\n\n  \/* filtri mese *\/\n  .tm-filters{ margin-top:34px; display:flex; flex-wrap:wrap; gap:10px; }\n  .tm-chip{\n    display:inline-flex; align-items:center;\n    padding:10px 14px;\n    border-radius:999px;\n    border:1px solid rgba(0,0,0,.12);\n    background:#f7f5f3;\n    color:#111;\n    text-decoration:none;\n    font-weight:820;\n    font-size:14px;\n  }\n  .tm-chip:hover{ border-color: rgba(106,22,17,.35); }\n\n  \/* gruppo mese *\/\n  .tm-month{ margin-top:54px; }\n  .tm-month__head{\n    display:flex; align-items:baseline; justify-content:space-between; gap:18px;\n    padding-bottom:14px;\n    border-bottom:1px solid rgba(0,0,0,.12);\n    margin-bottom:26px;\n  }\n  .tm-month__head h2{\n    margin:0;\n    font-size:22px;\n    font-weight:820;\n    color:#111;\n    letter-spacing:-.01em;\n  }\n  .tm-month__head span{\n    font-size:13px;\n    letter-spacing:.18em;\n    text-transform:uppercase;\n    color:#6A1611;\n    font-weight:820;\n  }\n\n  \/* evento *\/\n  .tm-event{\n    display:grid;\n    grid-template-columns: 1fr auto;\n    gap: 22px;\n    padding: 24px 0;\n    border-bottom:1px solid rgba(0,0,0,.12);\n    align-items:start;\n  }\n  .tm-event:last-child{ border-bottom:none; padding-bottom:0; }\n\n  .tm-event__title{\n    margin:0 0 10px;\n    font-size:26px;\n    font-weight:820;\n    color:#111;\n    letter-spacing:-.01em;\n  }\n  .tm-event__meta{\n    font-size:14px;\n    color:#333;\n    margin-bottom:14px;\n  }\n  .tm-event__meta b{ color:#111; font-weight:820; }\n  .tm-event__desc{\n    margin:0;\n    font-size:16.5px;\n    line-height:1.75;\n    color:#333;\n    max-width: 820px;\n  }\n\n  .tm-actions{\n    display:flex;\n    flex-direction:column;\n    gap:10px;\n    align-items:flex-end;\n    white-space:nowrap;\n    margin-top: 2px;\n  }\n\n  .tm-btn{\n    display:inline-flex; align-items:center; gap:10px;\n    padding:12px 16px;\n    border-radius:999px;\n    text-decoration:none;\n    font-weight:820;\n    font-size:14px;\n    transition: transform .15s ease, opacity .15s ease;\n    background:#6A1611;\n    color:#fff;\n  }\n  .tm-btn:hover{ opacity:.95; transform: translateY(-1px); }\n\n  .tm-arrow{\n    width:7px; height:7px;\n    border-right:2px solid currentColor;\n    border-top:2px solid currentColor;\n    transform:rotate(45deg);\n    margin-top:1px;\n  }\n\n  @media (max-width: 980px){\n    .tm-event{ grid-template-columns: 1fr; }\n    .tm-actions{ align-items:flex-start; }\n  }\n  @media (max-width: 640px){\n    .tm-title{ font-size:36px; }\n    .tm-event__title{ font-size:22px; }\n    .tm-event__desc{ font-size:16px; }\n  }\n<\/style>\n\n<section class=\"tm-progpage\" aria-label=\"Programma Stagione 2025-2026\">\n  <div class=\"tm-progpage__wrap\">\n\n    <div class=\"tm-kicker\"><span class=\"tm-dot\"><\/span> Season programme<\/div>\n    <h1 class=\"tm-title\">Season 2025-2026<\/h1>\n    <p class=\"tm-lead\">\n      Calendario degli spettacoli della stagione 2025\u20132026 del Teatro Carlo Marenco.\n      Biglietti disponibili online.\n    <\/p>\n\n    <div class=\"tm-filters\" aria-label=\"Vai al mese\">\n      <a class=\"tm-chip\" href=\"#novembre\">Novembre<\/a>\n      <a class=\"tm-chip\" href=\"#dicembre\">Dicembre<\/a>\n      <a class=\"tm-chip\" href=\"#gennaio\">Gennaio<\/a>\n      <a class=\"tm-chip\" href=\"#febbraio\">Febbraio<\/a>\n      <a class=\"tm-chip\" href=\"#marzo\">Marzo<\/a>\n      <a class=\"tm-chip\" href=\"#aprile\">Aprile<\/a>\n    <\/div>\n\n    <!-- NOVEMBRE -->\n    <div id=\"novembre\" class=\"tm-month\">\n      <div class=\"tm-month__head\">\n        <h2>Novembre<\/h2><span>2025<\/span>\n      <\/div>\n\n      <article class=\"tm-event\">\n        <div>\n          <h3 class=\"tm-event__title\">Crisi di nervi<\/h3>\n          <div class=\"tm-event__meta\"><b>Venerd\u00ec 21 Novembre<\/b> \u2726 Ore <b>21:00<\/b><\/div>\n          <p class=\"tm-event__desc\">\n            Il celebre regista tedesco Peter Stein ritorna a uno dei suoi autori di riferimento creando una modalit\u00e0 produttiva\n            artistica non convenzionale attorno a un gruppo di attori e collaboratori, per una continuit\u00e0 creativa collettiva di notevole spessore.\n            Scritti tra il 1884 e il 1891, questi atti unici si ispirano alla commedia francese e al vaudeville, generi molto in voga in Francia\n            all\u2019epoca di \u010cechov. Nel corso del tempo, hanno conquistato il pubblico di tutto il mondo e sono diventati una preziosa fonte di ispirazione\n            per attori, scrittori e registi, oltre che un irresistibile divertimento per intere generazioni di spettatori.\n          <\/p>\n        <\/div>\n        <div class=\"tm-actions\">\n          <a class=\"tm-btn\" href=\"https:\/\/www.vivaticket.com\/it\/venue\/teatro-carlo-marenco\/518551063\" target=\"_blank\" rel=\"noopener\">\n            Biglietti <span class=\"tm-arrow\"><\/span>\n          <\/a>\n        <\/div>\n      <\/article>\n    <\/div>\n\n    <!-- DICEMBRE -->\n    <div id=\"dicembre\" class=\"tm-month\">\n      <div class=\"tm-month__head\">\n        <h2>Dicembre<\/h2><span>2025<\/span>\n      <\/div>\n\n      <article class=\"tm-event\">\n        <div>\n          <h3 class=\"tm-event__title\">L\u2019importanza di chiamarsi Ernesto<\/h3>\n          <div class=\"tm-event__meta\"><b>Sabato 13 Dicembre<\/b> \u2726 Ore <b>21:00<\/b><\/div>\n          <p class=\"tm-event__desc\">\n            \u201cLa commedia perfetta\u201d, come da molti viene definito il capolavoro di Oscar Wilde, \u00e8 qui riproposta con il titolo originale dell\u2019opera\n            che sfrutta il gioco di parole in un linguaggio ricco di equivoci. In scena varie situazioni comiche viste tramite la lente di ingrandimento\n            dell\u2019ambiente salottiero della societ\u00e0 Vittoriana, un\u2019occasione per far luce sul principio di verit\u00e0 e falsit\u00e0 degli avvenimenti e dell\u2019identit\u00e0\n            dei vari personaggi. L\u2019importanza di chiamarsi Ernesto invita a riflettere sul modo in cui, anche oggi, le convenzioni influenzino le nostre vite\n            e le nostre scelte.\n          <\/p>\n        <\/div>\n        <div class=\"tm-actions\">\n          <a class=\"tm-btn\" href=\"https:\/\/www.vivaticket.com\/it\/venue\/teatro-carlo-marenco\/518551063\" target=\"_blank\" rel=\"noopener\">\n            Biglietti <span class=\"tm-arrow\"><\/span>\n          <\/a>\n        <\/div>\n      <\/article>\n    <\/div>\n\n    <!-- GENNAIO -->\n    <div id=\"gennaio\" class=\"tm-month\">\n      <div class=\"tm-month__head\">\n        <h2>Gennaio<\/h2><span>2026<\/span>\n      <\/div>\n\n      <article class=\"tm-event\">\n        <div>\n          <h3 class=\"tm-event__title\">Buffoni all\u2019inferno<\/h3>\n          <div class=\"tm-event__meta\"><b>Venerd\u00ec 16 Gennaio<\/b> \u2726 Ore <b>21:00<\/b><\/div>\n          <p class=\"tm-event__desc\">\n            Durante un tranquillo ed eterno giorno di torture strazianti, d\u2019un tratto, sulle rive dello Stige, giungono millemila anime,\n            portate all\u2019altro mondo da una fulminante peste bubbonica. L\u2019Ade \u00e8 di colpo intasato e Minosse, impietoso giudice delle anime,\n            \u00e8 costretto a fare i salti immortali per esaminare le colpe di tutti. Le operazioni vanno a rilento, gli spiriti protestano,\n            insorgono, volano insulti e qualche brutta bestemmia. Belzeb\u00f9, con profonda saggezza, offre uno sconto di pena alle anime di tre buffoni,\n            Zuan Polo, Domenico Tagliacalze e Pietro Gonnella, per tornare a fare ci\u00f2 che in vita gli riusciva meglio: intrattenere.\n          <\/p>\n        <\/div>\n        <div class=\"tm-actions\">\n          <a class=\"tm-btn\" href=\"https:\/\/www.vivaticket.com\/it\/venue\/teatro-carlo-marenco\/518551063\" target=\"_blank\" rel=\"noopener\">\n            Biglietti <span class=\"tm-arrow\"><\/span>\n          <\/a>\n        <\/div>\n      <\/article>\n    <\/div>\n\n    <!-- FEBBRAIO -->\n    <div id=\"febbraio\" class=\"tm-month\">\n      <div class=\"tm-month__head\">\n        <h2>Febbraio<\/h2><span>2026<\/span>\n      <\/div>\n\n      <article class=\"tm-event\">\n        <div>\n          <h3 class=\"tm-event__title\">The fugitives<\/h3>\n          <div class=\"tm-event__meta\"><b>Wednesday 4 February<\/b> \u2726 Ore <b>21:00<\/b><\/div>\n          <p class=\"tm-event__desc\">\n            Commedia brillante e intelligente che racconta la storia di due donne, Margot e Claudia, che cercano di \u201cfuggire\u201d dalle loro vite\n            per motivi diversi. Una notte due donne si incrociano lungo la strada. Margot, la donna pi\u00f9 giovane, scappa dalla noia e dai conflitti familiari.\n            Claudia, pi\u00f9 anziana, sta cercando di rifarsi una vita dopo un evento traumatico. Nonostante le differenze di et\u00e0, personalit\u00e0 e motivazioni,\n            formano un\u2019improbabile amicizia e si ritrovano a condividere esperienze, sogni e le paure. La commedia affronta i temi della solitudine,\n            dell\u2019amicizia, del desiderio di libert\u00e0 e della ricerca di s\u00e9 in modo leggero, con dialoghi ironici e momenti divertenti.\n          <\/p>\n        <\/div>\n        <div class=\"tm-actions\">\n          <a class=\"tm-btn\" href=\"https:\/\/www.vivaticket.com\/it\/venue\/teatro-carlo-marenco\/518551063\" target=\"_blank\" rel=\"noopener\">\n            Biglietti <span class=\"tm-arrow\"><\/span>\n          <\/a>\n        <\/div>\n      <\/article>\n\n      <article class=\"tm-event\">\n        <div>\n          <h3 class=\"tm-event__title\">Arrivano i Dunque (avannotti, sole Blu e la storia della giovane Saracinesca)<\/h3>\n          <div class=\"tm-event__meta\"><b>Friday 13 February<\/b> \u2726 Ore <b>21:00<\/b><\/div>\n          <p class=\"tm-event__desc\">\n            Dopo il lunghissimo tour di Trascendi e Sali Alessandro Bergonzoni torna in teatro con \u201cun\u2019asta dei pensieri dove cerco il miglior (s)offerente\n            per mettere all\u2019incanto il verso delle cose: magari d\u2019uccello o di poeta\u201d. Un luogo scenico, multifunzionale, dove proseguire la sua ricerca artistica.\n            E se in questo nuovo allestimento vogliamo trovare un\u2019altra cifra bergonzoniana, insieme ovviamente alla scrittura comica, dovremo cercarla nella \u201cCrealt\u00e0\u201d,\n            altra sua invenzione, che esplicita, in un pensiero che si fa neologismo, la vera tensione morale di questo artista unico: il tentativo di ricreare una realt\u00e0\n            che non solo non ci basta pi\u00f9 ma che possiamo e dobbiamo reinventare giorno per giorno per trovare un futuro di pace assoluta.\n          <\/p>\n        <\/div>\n        <div class=\"tm-actions\">\n          <a class=\"tm-btn\" href=\"https:\/\/www.vivaticket.com\/it\/venue\/teatro-carlo-marenco\/518551063\" target=\"_blank\" rel=\"noopener\">\n            Biglietti <span class=\"tm-arrow\"><\/span>\n          <\/a>\n        <\/div>\n      <\/article>\n    <\/div>\n\n    <!-- MARZO -->\n    <div id=\"marzo\" class=\"tm-month\">\n      <div class=\"tm-month__head\">\n        <h2>Marzo<\/h2><span>2026<\/span>\n      <\/div>\n\n      <article class=\"tm-event\">\n        <div>\n          <h3 class=\"tm-event__title\">Forte and Chiara<\/h3>\n          <div class=\"tm-event__meta\"><b>Tuesday 17 March<\/b> \u2726 Ore <b>21:00<\/b><\/div>\n          <p class=\"tm-event__desc\">\n            Scrittrice avvezza a formidabili capriole, Chiara Francini si abbandona, questa volta, ad una trascinante confessione autobiografica, non professionale\n            ma umana. Il suo \u00e8 lo spettacolo di formazione di una ragazza di provincia che, imbevuta di sogni, si lancia nella vita per metterli in atto senza risparmiarsi,\n            bruciandosi talvolta la pelle, con fatica e caparbiet\u00e0. Ed \u00e8 anche, nella seconda parte, una riflessione illuminante e profonda, talvolta grave, sulla tirannide\n            del denaro e del potere che governa i comportamenti umani e, in chiusura, sulla condizione di ogni donna: quella di essere sempre dilaniata fra realizzazione personale\n            e desiderio di maternit\u00e0. Ovvero ad essere destinata ad una felicit\u00e0, per definizione, mutilata. \u201cPerch\u00e9 la parte pi\u00f9 complessa per una donna \u00e8 nascere tale. Bello e terrificante\u201d.\n          <\/p>\n        <\/div>\n        <div class=\"tm-actions\">\n          <a class=\"tm-btn\" href=\"https:\/\/www.vivaticket.com\/it\/venue\/teatro-carlo-marenco\/518551063\" target=\"_blank\" rel=\"noopener\">\n            Biglietti <span class=\"tm-arrow\"><\/span>\n          <\/a>\n        <\/div>\n      <\/article>\n\n      <article class=\"tm-event\">\n        <div>\n          <h3 class=\"tm-event__title\">456<\/h3>\n          <div class=\"tm-event__meta\"><b>Thursday 26 March<\/b> \u2726 Ore <b>21:00<\/b><\/div>\n          <p class=\"tm-event__desc\">\n            456 \u00e8 la storia comica e violenta di una famiglia che, isolata e chiusa, vive in mezzo a una valle oltre la quale sente l\u2019ignoto.\n            Padre, madre e figlio sono ignoranti, diffidenti, nervosi. Si lanciano accuse, rabboccano un sugo di pomodoro lasciato dalla nonna morta anni prima,\n            litigano, pregano, si odiano. Ognuno dei tre rappresenta per gli altri quanto di pi\u00f9 detestabile ci sia al mondo. E tuttavia occorre una tregua,\n            perch\u00e9 sta arrivando un ospite atteso da tempo, che pu\u00f2 e deve cambiare il loro futuro. Tutto \u00e8 pronto, tutto \u00e8 perfetto. Ma la tregua non durer\u00e0.\n          <\/p>\n        <\/div>\n        <div class=\"tm-actions\">\n          <a class=\"tm-btn\" href=\"https:\/\/www.vivaticket.com\/it\/venue\/teatro-carlo-marenco\/518551063\" target=\"_blank\" rel=\"noopener\">\n            Biglietti <span class=\"tm-arrow\"><\/span>\n          <\/a>\n        <\/div>\n      <\/article>\n    <\/div>\n\n    <!-- APRILE -->\n    <div id=\"aprile\" class=\"tm-month\">\n      <div class=\"tm-month__head\">\n        <h2>Aprile<\/h2><span>2026<\/span>\n      <\/div>\n\n      <article class=\"tm-event\">\n        <div>\n          <h3 class=\"tm-event__title\">Second class<\/h3>\n          <div class=\"tm-event__meta\"><b>Wednesday 15 April<\/b> \u2726 Ore <b>21:00<\/b><\/div>\n          <p class=\"tm-event__desc\">\n            Un\u2019indagine sul tema della ricchezza, del lusso e della sua esclusivit\u00e0.\n            Siamo talmente immersi nel paradosso che alcuni hanno tanto e altri pochissimo o anche niente che saremmo pronti ad allibirci (taluni persino ad allarmarsi)\n            di una sua possibile scomparsa. Questa secolare abitudine all\u2019ingiustizia ha fatto in modo che allo sforzo di sradicarla (che pure storicamente \u00e8 esistito in buone teorie\n            e spesso cattive pratiche) si sia preferito il tentativo di abitarla e, possibilmente, cavalcarla, ciascuno secondo i propri mezzi, gradini e possibilit\u00e0.\n            Il privilegio, insomma, per restare tale, deve essere \u201cesclusivo\u201d \u2013 ovvero escludente \u2013 e pertanto riservato a pochi. La prima classe esiste in funzione della seconda\n            e senza la seconda non avrebbe un parametro per la propria ricchezza, perch\u00e9 il vero contenuto della ricchezza sembra essere prima di tutto la certezza \u2013 e l\u2019inspiegabile sollievo\n            che ne deriva \u2013 che altri abbiano meno.\n          <\/p>\n        <\/div>\n        <div class=\"tm-actions\">\n          <a class=\"tm-btn\" href=\"https:\/\/www.vivaticket.com\/it\/venue\/teatro-carlo-marenco\/518551063\" target=\"_blank\" rel=\"noopener\">\n            Biglietti <span class=\"tm-arrow\"><\/span>\n          <\/a>\n        <\/div>\n      <\/article>\n    <\/div>\n\n  <\/div>\n<\/section>\n\t\t\t\t<\/div>\n\t\t\t\t<\/div>\n\t\t\t\t\t<\/div>\n\t\t<\/div>\n\t\t\t\t\t<\/div>\n\t\t<\/section>\n\t\t\t\t<section class=\"elementor-section elementor-top-section elementor-element elementor-element-50e6cfe elementor-section-boxed elementor-section-height-default elementor-section-height-default\" data-id=\"50e6cfe\" data-element_type=\"section\">\n\t\t\t\t\t\t<div class=\"elementor-container elementor-column-gap-default\">\n\t\t\t\t\t<div class=\"elementor-column elementor-col-100 elementor-top-column elementor-element elementor-element-a6d2bee\" data-id=\"a6d2bee\" data-element_type=\"column\">\n\t\t\t<div class=\"elementor-widget-wrap elementor-element-populated\">\n\t\t\t\t\t\t<div class=\"elementor-element elementor-element-853dede elementor-widget elementor-widget-html\" data-id=\"853dede\" data-element_type=\"widget\" data-widget_type=\"html.default\">\n\t\t\t\t<div class=\"elementor-widget-container\">\n\t\t\t\t\t<style>\n  .tm-ticketblock{\n    background:#f7f5f3;\n    padding: 90px 18px;\n  }\n  .tm-ticketblock__wrap{\n    max-width:1180px;\n    margin:0 auto;\n  }\n\n  \/* Header *\/\n  .tm-kicker{\n    display:inline-flex; align-items:center; gap:10px;\n    font-size:13px; letter-spacing:.18em; text-transform:uppercase;\n    color:#6A1611; margin-bottom:14px;\n  }\n  .tm-dot{ width:10px; height:10px; border-radius:999px; background:#6A1611; display:inline-block; }\n  .tm-h2{\n    margin:0 0 12px;\n    font-size:40px;\n    line-height:1.05;\n    font-weight:820;\n    letter-spacing:-.03em;\n    color:#111;\n  }\n  .tm-lead{\n    margin:0 0 28px;\n    font-size:17.5px;\n    line-height:1.75;\n    color:#333;\n    max-width: 860px;\n  }\n\n  \/* 2-col layout *\/\n  .tm-ticketgrid{\n    display:grid;\n    grid-template-columns: 1.05fr .95fr;\n    gap: 18px;\n    align-items: start;\n  }\n  @media (max-width: 980px){\n    .tm-ticketgrid{ grid-template-columns: 1fr; }\n  }\n\n  \/* Cards base *\/\n  .tm-card{\n    background:#fff;\n    border: 1px solid rgba(0,0,0,.10);\n    border-radius: 18px;\n    padding: 22px;\n  }\n  .tm-card__title{\n    margin:0 0 14px;\n    font-size: 18px;\n    font-weight: 900;\n    color:#111;\n    letter-spacing:-.01em;\n    display:flex;\n    justify-content:space-between;\n    gap: 14px;\n    align-items: baseline;\n  }\n  .tm-card__title span{\n    font-size: 12px;\n    letter-spacing:.18em;\n    text-transform:uppercase;\n    color:#6A1611;\n    font-weight: 900;\n    white-space: nowrap;\n  }\n\n  \/* Price list (consistent rows) *\/\n  .tm-pricelist{\n    display:grid;\n    gap: 0;\n    border-top: 1px solid rgba(0,0,0,.10);\n  }\n  .tm-price-row{\n    display:grid;\n    grid-template-columns: 1fr auto;\n    gap: 16px;\n    padding: 12px 0;\n    border-bottom: 1px solid rgba(0,0,0,.10);\n    align-items: baseline;\n  }\n  .tm-price-row:last-child{ border-bottom:none; }\n  .tm-price-row b{\n    font-weight: 800;\n    color:#111;\n  }\n  .tm-price{\n    font-weight: 950;\n    color:#6A1611;\n    white-space: nowrap;\n    font-size: 16px;\n  }\n\n  \/* Small note *\/\n  .tm-note{\n    margin-top: 14px;\n    border-radius: 14px;\n    background: rgba(106,22,17,.06);\n    border: 1px solid rgba(106,22,17,.18);\n    padding: 14px 14px;\n    font-size: 14.5px;\n    line-height: 1.65;\n    color:#222;\n  }\n  .tm-note strong{ color:#6A1611; font-weight: 950; }\n\n  \/* Right column: timings card *\/\n  .tm-steps{\n    display:grid;\n    gap: 14px;\n  }\n  .tm-step{\n    padding: 14px 0;\n    border-top: 1px solid rgba(0,0,0,.10);\n  }\n  .tm-step:first-child{ border-top:none; padding-top:0; }\n  .tm-step b{\n    display:block;\n    font-weight: 950;\n    color:#111;\n    margin-bottom: 6px;\n  }\n  .tm-step p{\n    margin:0;\n    color:#333;\n    line-height: 1.65;\n    font-size: 15.5px;\n  }\n\n  \/* CTA *\/\n  .tm-cta{\n    margin-top: 16px;\n    display:flex;\n    justify-content:flex-start;\n  }\n  .tm-btn{\n    display:inline-flex;\n    align-items:center;\n    gap:10px;\n    padding: 12px 16px;\n    border-radius: 999px;\n    text-decoration:none;\n    font-weight: 950;\n    font-size: 14px;\n    background:#6A1611;\n    color:#fff;\n    border: 1px solid rgba(0,0,0,.10);\n  }\n  .tm-btn:hover{ opacity:.95; transform: translateY(-1px); }\n  .tm-arrow{\n    width:7px;height:7px;\n    border-right:2px solid currentColor;\n    border-top:2px solid currentColor;\n    transform: rotate(45deg);\n    margin-top:1px;\n  }\n\n  \/* Left column stack *\/\n  .tm-leftcol{\n    display:grid;\n    gap: 18px;\n  }\n<\/style>\n\n<section class=\"tm-ticketblock\" aria-label=\"Abbonamenti e Biglietti\">\n  <div class=\"tm-ticketblock__wrap\">\n\n    <div class=\"tm-kicker\"><span class=\"tm-dot\"><\/span> Biglietteria<\/div>\n    <h2 class=\"tm-h2\">Abbonamenti e biglietti<\/h2>\n    <p class=\"tm-lead\">\n      Tariffe e modalit\u00e0 d\u2019acquisto per la Stagione 2025\u20132026.\n    <\/p>\n\n    <div class=\"tm-ticketgrid\">\n\n      <!-- SINISTRA: PREZZI (2 card uguali) -->\n      <div class=\"tm-leftcol\">\n\n        <div class=\"tm-card\">\n          <div class=\"tm-card__title\">\n            Abbonamenti <span>2025\u20132026<\/span>\n          <\/div>\n\n          <div class=\"tm-pricelist\">\n            <div class=\"tm-price-row\"><b>Platea<\/b><div class=\"tm-price\">\u20ac 140<\/div><\/div>\n            <div class=\"tm-price-row\"><b>Balconata<\/b><div class=\"tm-price\">\u20ac 110<\/div><\/div>\n            <div class=\"tm-price-row\"><b>Palchi I Piano \u2014 2 posti<\/b><div class=\"tm-price\">\u20ac 240<\/div><\/div>\n            <div class=\"tm-price-row\"><b>Palchi I Piano \u2014 4 posti<\/b><div class=\"tm-price\">\u20ac 480<\/div><\/div>\n            <div class=\"tm-price-row\"><b>Palchi II\u2013III Piano \u2014 2 posti<\/b><div class=\"tm-price\">\u20ac 220<\/div><\/div>\n            <div class=\"tm-price-row\"><b>Palchi II\u2013III Piano \u2014 3 posti<\/b><div class=\"tm-price\">\u20ac 330<\/div><\/div>\n            <div class=\"tm-price-row\"><b>Palchi II\u2013III Piano \u2014 4 posti<\/b><div class=\"tm-price\">\u20ac 440<\/div><\/div>\n          <\/div>\n        <\/div>\n\n        <div class=\"tm-card\">\n          <div class=\"tm-card__title\">\n            Biglietti singoli <span>per spettacolo<\/span>\n          <\/div>\n\n          <div class=\"tm-pricelist\">\n            <div class=\"tm-price-row\"><b>Platea<\/b><div class=\"tm-price\">\u20ac 25<\/div><\/div>\n            <div class=\"tm-price-row\"><b>Balconata<\/b><div class=\"tm-price\">\u20ac 22<\/div><\/div>\n            <div class=\"tm-price-row\"><b>Galleria<\/b><div class=\"tm-price\">\u20ac 20<\/div><\/div>\n            <div class=\"tm-price-row\"><b>Palco 2 posti<\/b><div class=\"tm-price\">\u20ac 40<\/div><\/div>\n            <div class=\"tm-price-row\"><b>Palco 3 posti<\/b><div class=\"tm-price\">\u20ac 60<\/div><\/div>\n            <div class=\"tm-price-row\"><b>Palco 4 posti<\/b><div class=\"tm-price\">\u20ac 80<\/div><\/div>\n          <\/div>\n\n          <div class=\"tm-note\">\n            <strong>Ridotti*<\/strong> Balconata <b>\u20ac 20<\/b> \u2013 Galleria <b>\u20ac 18<\/b><br>\n            *Under 25, over 65, abbonati alle stagioni 2025\u20132026 di Piemonte dal Vivo, iscritti FAI,\n            possessori tessera Abbonamento Musei Piemonte e Valle d\u2019Aosta.\n          <\/div>\n        <\/div>\n\n      <\/div>\n\n      <!-- DESTRA: MODALIT\u00c0 E TEMPI (1 card) -->\n      <div class=\"tm-card\">\n        <div class=\"tm-card__title\">\n          Modalit\u00e0 e tempi d\u2019acquisto <span>date<\/span>\n        <\/div>\n\n        <div class=\"tm-steps\">\n          <div class=\"tm-step\">\n            <b>Abbonamenti \u2014 Prelazione<\/b>\n            <p>Venerd\u00ec <b>17 ottobre<\/b>, <b>18:00\u201322:00<\/b> \u2014 prelazione per conferma posti Abbonati Stagione 2024\u20132025.<\/p>\n          <\/div>\n\n          <div class=\"tm-step\">\n            <b>Abbonamenti \u2014 Vendita libera (in presenza)<\/b>\n            <p>Sabato <b>18 ottobre<\/b>, <b>09:00\u201314:00<\/b> \u2014 Biblioteca Civica Bertrand, via Pallavicino 11, Ceva.<\/p>\n          <\/div>\n\n          <div class=\"tm-step\">\n            <b>Abbonamenti \u2014 Online<\/b>\n            <p>Da luned\u00ec <b>20.10.2025<\/b> a domenica <b>02.11.2025<\/b> (entro <b>23:59<\/b>) \u2014 solo abbonamenti online su Vivaticket.<\/p>\n          <\/div>\n\n          <div class=\"tm-step\">\n            <b>Biglietti singoli<\/b>\n            <p>Da luned\u00ec <b>03.11.2025<\/b> online su Vivaticket o presso la biglietteria del Teatro Marenco nelle serate di apertura.<\/p>\n          <\/div>\n        <\/div>\n\n        <div class=\"tm-cta\">\n          <a class=\"tm-btn\" href=\"https:\/\/www.vivaticket.com\/it\/venue\/teatro-carlo-marenco\/518551063\" target=\"_blank\" rel=\"noopener\">\n            Acquista su Vivaticket <span class=\"tm-arrow\"><\/span>\n          <\/a>\n        <\/div>\n      <\/div>\n\n    <\/div>\n\n  <\/div>\n<\/section>\n\t\t\t\t<\/div>\n\t\t\t\t<\/div>\n\t\t\t\t\t<\/div>\n\t\t<\/div>\n\t\t\t\t\t<\/div>\n\t\t<\/section>\n\t\t\t\t<\/div>","protected":false},"excerpt":{"rendered":"<p>Programma stagione Stagione 2025\u20132026 Calendario degli spettacoli della stagione 2025\u20132026 del Teatro Carlo Marenco. Biglietti disponibili online. Novembre Dicembre Gennaio Febbraio Marzo Aprile Novembre 2025 Crisi di nervi Venerd\u00ec 21 Novembre \u2726 Ore 21:00 Il celebre regista tedesco Peter Stein ritorna a uno dei suoi autori di riferimento creando una modalit\u00e0 produttiva artistica non convenzionale [&hellip;]<\/p>","protected":false},"author":2,"featured_media":0,"parent":0,"menu_order":0,"comment_status":"closed","ping_status":"closed","template":"","meta":{"footnotes":""},"class_list":["post-43","page","type-page","status-publish","hentry"],"jetpack_sharing_enabled":true,"_links":{"self":[{"href":"http:\/\/www.teatromarenco.it\/en\/wp-json\/wp\/v2\/pages\/43","targetHints":{"allow":["GET"]}}],"collection":[{"href":"http:\/\/www.teatromarenco.it\/en\/wp-json\/wp\/v2\/pages"}],"about":[{"href":"http:\/\/www.teatromarenco.it\/en\/wp-json\/wp\/v2\/types\/page"}],"author":[{"embeddable":true,"href":"http:\/\/www.teatromarenco.it\/en\/wp-json\/wp\/v2\/users\/2"}],"replies":[{"embeddable":true,"href":"http:\/\/www.teatromarenco.it\/en\/wp-json\/wp\/v2\/comments?post=43"}],"version-history":[{"count":88,"href":"http:\/\/www.teatromarenco.it\/en\/wp-json\/wp\/v2\/pages\/43\/revisions"}],"predecessor-version":[{"id":811,"href":"http:\/\/www.teatromarenco.it\/en\/wp-json\/wp\/v2\/pages\/43\/revisions\/811"}],"wp:attachment":[{"href":"http:\/\/www.teatromarenco.it\/en\/wp-json\/wp\/v2\/media?parent=43"}],"curies":[{"name":"wp","href":"https:\/\/api.w.org\/{rel}","templated":true}]}}